{"id":5720,"date":"2016-06-24T11:12:56","date_gmt":"2016-06-24T09:12:56","guid":{"rendered":"https:\/\/mommertz.health\/centro-medico\/"},"modified":"2023-01-14T00:20:23","modified_gmt":"2023-01-13T23:20:23","slug":"behandlungszentrum-conil","status":"publish","type":"page","link":"https:\/\/mommertz.health\/es\/behandlungszentrum-conil\/","title":{"rendered":"Centro M\u00e9dico"},"content":{"rendered":"<div class=\"wpb-content-wrapper\"><p>[vc_row content_aligment=\u00bbcenter\u00bb][vc_column width=\u00bb1\/3&#8243;][vc_empty_space height=\u00bb250px\u00bb][vc_single_image image=\u00bb5515&#8243; img_size=\u00bbmedium\u00bb alignment=\u00bbcenter\u00bb][\/vc_column][vc_column width=\u00bb1\/3&#8243;][vc_empty_space][vc_column_text]<\/p>\n<h2 style=\"text-align: left;\">Centro M\u00e9dico de San Sebasti\u00e1n<\/h2>\n<p style=\"text-align: left;\">El Centro M\u00e9dico de San Sebasti\u00e1n est\u00e1 especializado en procedimientos de diagn\u00f3stico por imagen en caso de lesi\u00f3n o enfermedad, enfermer\u00eda, medicina de familia, pruebas de laboratorio y medicina est\u00e9tica, que ahora perfecciona el Dr. Mommertz.<\/p>\n<p style=\"text-align: left;\">Ofrece la mejor atenci\u00f3n m\u00e9dica para una rehabilitaci\u00f3n completa en el servicio de urgencias, formado por especialistas en traumatolog\u00eda, rehabilitaci\u00f3n, medicina f\u00edsica y fisioterapia.<\/p>\n<p style=\"text-align: left;\">En medicina est\u00e9tica, Centro M\u00e9dico se centra en:<\/p>\n<p style=\"text-align: left;\">\u25ab\ufe0f Rellenos de \u00e1cido hialur\u00f3nico<br \/>\n\u25ab\ufe0f Eliminaci\u00f3n est\u00e9tica de varices<br \/>\nRejuvenecimiento facial<br \/>\n\u25ab\ufe0fVarios tratamientos capilares<br \/>\n\u25ab\ufe0f Mesoterapia, cara\/cuerpo<br \/>\n\u25ab\ufe0f Presoterapia<br \/>\n\u25ab\ufe0f Drenaje linf\u00e1tico<br \/>\n\u25ab\ufe0fL\u00e1ser<br \/>\n\u25ab\ufe0f Microblading con dise\u00f1o de l\u00e1piz previo y revisi\u00f3n gratuita de 30 d\u00edas<\/p>\n<p style=\"text-align: left;\">Adem\u00e1s de las especialidades ya mencionadas, tambi\u00e9n recibir\u00e1 ayuda m\u00e9dica en las \u00e1reas de cardiolog\u00eda, cirug\u00eda general, dermatolog\u00eda, endocrinolog\u00eda, ginecolog\u00eda y varias otras.<\/p>\n<p style=\"text-align: left;\">Para m\u00e1s informaci\u00f3n, visite el sitio web del <a href=\"https:\/\/centromedicoconil.com\/\">Centro M\u00e9dico San Sebastian<\/a>.<\/p>\n<p>[\/vc_column_text][vc_empty_space][\/vc_column][vc_column width=\u00bb1\/3&#8243;][vc_empty_space height=\u00bb150px\u00bb][vc_tta_pageable][vc_tta_section title=\u00bb\u00c1rea de contenido 1&#8243; tab_id=\u00bb1670455314621-085c8329-1bb7&#8243;][vc_single_image image=\u00bb5455&#8243; img_size=\u00bbmedium\u00bb alignment=\u00bbcenter\u00bb][\/vc_tta_section][vc_tta_section title=\u00bb\u00c1rea de contenido 2&#8243; tab_id=\u00bb1670455314632-8102f3bc-415e\u00bb][vc_single_image image=\u00bb5381&#8243; img_size=\u00bbmedium\u00bb alignment=\u00bbcenter\u00bb][\/vc_tta_section][vc_tta_section title=\u00bb\u00c1rea de contenido\u00bb tab_id=\u00bb1670455358310-7e9b8433-38b2&#8243;][vc_single_image image=\u00bb5379&#8243; img_size=\u00bbmedium\u00bb alignment=\u00bbcenter\u00bb][\/vc_tta_section][\/vc_tta_pageable][\/vc_column][\/vc_row]<\/p>\n<\/div>","protected":false},"excerpt":{"rendered":"<p>[vc_row content_aligment=\u00bbcenter\u00bb][vc_column width=\u00bb1\/3&#8243;][vc_empty_space height=\u00bb250px\u00bb][vc_single_image image=\u00bb5515&#8243; img_size=\u00bbmedium\u00bb alignment=\u00bbcenter\u00bb][\/vc_column][vc_column width=\u00bb1\/3&#8243;][vc_empty_space][vc_column_text] Centro M\u00e9dico de San Sebasti\u00e1n El Centro M\u00e9dico de San Sebasti\u00e1n est\u00e1 especializado en procedimientos de diagn\u00f3stico por imagen en caso de lesi\u00f3n o enfermedad, enfermer\u00eda, medicina de familia, pruebas de laboratorio y medicina est\u00e9tica, que ahora&#8230;<\/p>\n","protected":false},"author":1,"featured_media":0,"parent":0,"menu_order":0,"comment_status":"closed","ping_status":"closed","template":"full-width.php","meta":{"footnotes":""},"class_list":["post-5720","page","type-page","status-publish","hentry"],"yoast_head":"<!-- This site is optimized with the Yoast SEO plugin v25.6 - https:\/\/yoast.com\/wordpress\/plugins\/seo\/ -->\n<title>Centro M\u00e9dico - Dr. Mommertz en Conil<\/title>\n<meta name=\"description\" content=\"Mommertz Health presenta el Centro Medico en Conil de la Frontera. Esta es nuestra ubicaci\u00f3n principal, donde tambi\u00e9n llevamos a cabo todos los tratamientos que ofrecemos, con la ayuda del equipo del Centro M\u00e9dico.\" \/>\n<meta name=\"robots\" content=\"index, follow, max-snippet:-1, max-image-preview:large, max-video-preview:-1\" \/>\n<link rel=\"canonical\" href=\"https:\/\/mommertz.health\/es\/behandlungszentrum-conil\/\" \/>\n<meta property=\"og:locale\" content=\"es_ES\" \/>\n<meta property=\"og:type\" content=\"article\" \/>\n<meta property=\"og:title\" content=\"Centro M\u00e9dico - Dr. Mommertz en Conil\" \/>\n<meta property=\"og:description\" content=\"Mommertz Health presenta el Centro Medico en Conil de la Frontera. Esta es nuestra ubicaci\u00f3n principal, donde tambi\u00e9n llevamos a cabo todos los tratamientos que ofrecemos, con la ayuda del equipo del Centro M\u00e9dico.\" \/>\n<meta property=\"og:url\" content=\"https:\/\/mommertz.health\/es\/behandlungszentrum-conil\/\" \/>\n<meta property=\"og:site_name\" content=\"Mommertz Health - Gesund und sch\u00f6n an der Costa de la Luz\" \/>\n<meta property=\"article:publisher\" content=\"https:\/\/www.facebook.com\/profile.php?id=100088873442215\" \/>\n<meta property=\"article:modified_time\" content=\"2023-01-13T23:20:23+00:00\" \/>\n<meta name=\"twitter:card\" content=\"summary_large_image\" \/>\n<meta name=\"twitter:label1\" content=\"Tiempo de lectura\" \/>\n\t<meta name=\"twitter:data1\" content=\"2 minutos\" \/>\n<script type=\"application\/ld+json\" class=\"yoast-schema-graph\">{\"@context\":\"https:\/\/schema.org\",\"@graph\":[{\"@type\":\"WebPage\",\"@id\":\"https:\/\/mommertz.health\/es\/behandlungszentrum-conil\/\",\"url\":\"https:\/\/mommertz.health\/es\/behandlungszentrum-conil\/\",\"name\":\"Centro M\u00e9dico - Dr. Mommertz en Conil\",\"isPartOf\":{\"@id\":\"https:\/\/mommertz.health\/es\/#website\"},\"datePublished\":\"2016-06-24T09:12:56+00:00\",\"dateModified\":\"2023-01-13T23:20:23+00:00\",\"description\":\"Mommertz Health presenta el Centro Medico en Conil de la Frontera. Esta es nuestra ubicaci\u00f3n principal, donde tambi\u00e9n llevamos a cabo todos los tratamientos que ofrecemos, con la ayuda del equipo del Centro M\u00e9dico.\",\"breadcrumb\":{\"@id\":\"https:\/\/mommertz.health\/es\/behandlungszentrum-conil\/#breadcrumb\"},\"inLanguage\":\"es\",\"potentialAction\":[{\"@type\":\"ReadAction\",\"target\":[\"https:\/\/mommertz.health\/es\/behandlungszentrum-conil\/\"]}]},{\"@type\":\"BreadcrumbList\",\"@id\":\"https:\/\/mommertz.health\/es\/behandlungszentrum-conil\/#breadcrumb\",\"itemListElement\":[{\"@type\":\"ListItem\",\"position\":1,\"name\":\"Startseite\",\"item\":\"https:\/\/mommertz.health\/es\/home\/\"},{\"@type\":\"ListItem\",\"position\":2,\"name\":\"Centro M\u00e9dico\"}]},{\"@type\":\"WebSite\",\"@id\":\"https:\/\/mommertz.health\/es\/#website\",\"url\":\"https:\/\/mommertz.health\/es\/\",\"name\":\"Mommertz Health - Gesund und sch\u00f6n an der Costa de la Luz\",\"description\":\"Wir bieten Ihnen die passenden Kosmetik- und Gesundheitsbehandlungen f\u00fcr Ihren perfekten Urlaub an der Costa de la Luz\",\"publisher\":{\"@id\":\"https:\/\/mommertz.health\/es\/#organization\"},\"potentialAction\":[{\"@type\":\"SearchAction\",\"target\":{\"@type\":\"EntryPoint\",\"urlTemplate\":\"https:\/\/mommertz.health\/es\/?s={search_term_string}\"},\"query-input\":{\"@type\":\"PropertyValueSpecification\",\"valueRequired\":true,\"valueName\":\"search_term_string\"}}],\"inLanguage\":\"es\"},{\"@type\":\"Organization\",\"@id\":\"https:\/\/mommertz.health\/es\/#organization\",\"name\":\"Dr. Mommertz - Mommertz Health\",\"url\":\"https:\/\/mommertz.health\/es\/\",\"logo\":{\"@type\":\"ImageObject\",\"inLanguage\":\"es\",\"@id\":\"https:\/\/mommertz.health\/es\/#\/schema\/logo\/image\/\",\"url\":\"https:\/\/mommertz.health\/wp-content\/uploads\/2022\/12\/Small.png\",\"contentUrl\":\"https:\/\/mommertz.health\/wp-content\/uploads\/2022\/12\/Small.png\",\"width\":512,\"height\":506,\"caption\":\"Dr. Mommertz - Mommertz Health\"},\"image\":{\"@id\":\"https:\/\/mommertz.health\/es\/#\/schema\/logo\/image\/\"},\"sameAs\":[\"https:\/\/www.facebook.com\/profile.php?id=100088873442215\",\"https:\/\/www.instagram.com\/dr_g_mommertz_beleza_y_salud\/\"]}]}<\/script>\n<!-- \/ Yoast SEO plugin. -->","yoast_head_json":{"title":"Centro M\u00e9dico - Dr. Mommertz en Conil","description":"Mommertz Health presenta el Centro Medico en Conil de la Frontera. Esta es nuestra ubicaci\u00f3n principal, donde tambi\u00e9n llevamos a cabo todos los tratamientos que ofrecemos, con la ayuda del equipo del Centro M\u00e9dico.","robots":{"index":"index","follow":"follow","max-snippet":"max-snippet:-1","max-image-preview":"max-image-preview:large","max-video-preview":"max-video-preview:-1"},"canonical":"https:\/\/mommertz.health\/es\/behandlungszentrum-conil\/","og_locale":"es_ES","og_type":"article","og_title":"Centro M\u00e9dico - Dr. Mommertz en Conil","og_description":"Mommertz Health presenta el Centro Medico en Conil de la Frontera. Esta es nuestra ubicaci\u00f3n principal, donde tambi\u00e9n llevamos a cabo todos los tratamientos que ofrecemos, con la ayuda del equipo del Centro M\u00e9dico.","og_url":"https:\/\/mommertz.health\/es\/behandlungszentrum-conil\/","og_site_name":"Mommertz Health - Gesund und sch\u00f6n an der Costa de la Luz","article_publisher":"https:\/\/www.facebook.com\/profile.php?id=100088873442215","article_modified_time":"2023-01-13T23:20:23+00:00","twitter_card":"summary_large_image","twitter_misc":{"Tiempo de lectura":"2 minutos"},"schema":{"@context":"https:\/\/schema.org","@graph":[{"@type":"WebPage","@id":"https:\/\/mommertz.health\/es\/behandlungszentrum-conil\/","url":"https:\/\/mommertz.health\/es\/behandlungszentrum-conil\/","name":"Centro M\u00e9dico - Dr. Mommertz en Conil","isPartOf":{"@id":"https:\/\/mommertz.health\/es\/#website"},"datePublished":"2016-06-24T09:12:56+00:00","dateModified":"2023-01-13T23:20:23+00:00","description":"Mommertz Health presenta el Centro Medico en Conil de la Frontera. Esta es nuestra ubicaci\u00f3n principal, donde tambi\u00e9n llevamos a cabo todos los tratamientos que ofrecemos, con la ayuda del equipo del Centro M\u00e9dico.","breadcrumb":{"@id":"https:\/\/mommertz.health\/es\/behandlungszentrum-conil\/#breadcrumb"},"inLanguage":"es","potentialAction":[{"@type":"ReadAction","target":["https:\/\/mommertz.health\/es\/behandlungszentrum-conil\/"]}]},{"@type":"BreadcrumbList","@id":"https:\/\/mommertz.health\/es\/behandlungszentrum-conil\/#breadcrumb","itemListElement":[{"@type":"ListItem","position":1,"name":"Startseite","item":"https:\/\/mommertz.health\/es\/home\/"},{"@type":"ListItem","position":2,"name":"Centro M\u00e9dico"}]},{"@type":"WebSite","@id":"https:\/\/mommertz.health\/es\/#website","url":"https:\/\/mommertz.health\/es\/","name":"Mommertz Health - Gesund und sch\u00f6n an der Costa de la Luz","description":"Wir bieten Ihnen die passenden Kosmetik- und Gesundheitsbehandlungen f\u00fcr Ihren perfekten Urlaub an der Costa de la Luz","publisher":{"@id":"https:\/\/mommertz.health\/es\/#organization"},"potentialAction":[{"@type":"SearchAction","target":{"@type":"EntryPoint","urlTemplate":"https:\/\/mommertz.health\/es\/?s={search_term_string}"},"query-input":{"@type":"PropertyValueSpecification","valueRequired":true,"valueName":"search_term_string"}}],"inLanguage":"es"},{"@type":"Organization","@id":"https:\/\/mommertz.health\/es\/#organization","name":"Dr. Mommertz - Mommertz Health","url":"https:\/\/mommertz.health\/es\/","logo":{"@type":"ImageObject","inLanguage":"es","@id":"https:\/\/mommertz.health\/es\/#\/schema\/logo\/image\/","url":"https:\/\/mommertz.health\/wp-content\/uploads\/2022\/12\/Small.png","contentUrl":"https:\/\/mommertz.health\/wp-content\/uploads\/2022\/12\/Small.png","width":512,"height":506,"caption":"Dr. Mommertz - Mommertz Health"},"image":{"@id":"https:\/\/mommertz.health\/es\/#\/schema\/logo\/image\/"},"sameAs":["https:\/\/www.facebook.com\/profile.php?id=100088873442215","https:\/\/www.instagram.com\/dr_g_mommertz_beleza_y_salud\/"]}]}},"jetpack_sharing_enabled":true,"_links":{"self":[{"href":"https:\/\/mommertz.health\/es\/wp-json\/wp\/v2\/pages\/5720","targetHints":{"allow":["GET"]}}],"collection":[{"href":"https:\/\/mommertz.health\/es\/wp-json\/wp\/v2\/pages"}],"about":[{"href":"https:\/\/mommertz.health\/es\/wp-json\/wp\/v2\/types\/page"}],"author":[{"embeddable":true,"href":"https:\/\/mommertz.health\/es\/wp-json\/wp\/v2\/users\/1"}],"replies":[{"embeddable":true,"href":"https:\/\/mommertz.health\/es\/wp-json\/wp\/v2\/comments?post=5720"}],"version-history":[{"count":10,"href":"https:\/\/mommertz.health\/es\/wp-json\/wp\/v2\/pages\/5720\/revisions"}],"predecessor-version":[{"id":6216,"href":"https:\/\/mommertz.health\/es\/wp-json\/wp\/v2\/pages\/5720\/revisions\/6216"}],"wp:attachment":[{"href":"https:\/\/mommertz.health\/es\/wp-json\/wp\/v2\/media?parent=5720"}],"curies":[{"name":"wp","href":"https:\/\/api.w.org\/{rel}","templated":true}]}}