{"id":6521,"date":"2023-09-05T11:46:29","date_gmt":"2023-09-05T09:46:29","guid":{"rendered":"https:\/\/mommertz.health\/nuestras-sedes\/"},"modified":"2023-11-21T23:07:03","modified_gmt":"2023-11-21T22:07:03","slug":"nuestras-sedes","status":"publish","type":"page","link":"https:\/\/mommertz.health\/es\/nuestras-sedes\/","title":{"rendered":"Nuestras sedes"},"content":{"rendered":"<div class=\"wpb-content-wrapper\"><p>[vc_row][vc_column][vc_column_text]<\/p>\n<h2 style=\"text-align: center;\">Nuestras 5 sedes en Andaluc\u00eda<\/h2>\n<p style=\"text-align: center;\">El doctor Mommertz est\u00e1 a su disposici\u00f3n en cinco centros de Andaluc\u00eda desde mediados de 2023. Adem\u00e1s del ya conocido Centro M\u00e9dico San Sebasti\u00e1n en Conil de la Frontera, los centros Viamed en Chiclana y Novo Sancti Petri, el Centro M\u00e9dico Lebrija en Sevilla y el Instituto M\u00e9dico Siglo XXI en Jerez de la Frontera est\u00e1n ahora tambi\u00e9n disponibles para el tratamiento.<\/p>\n<p style=\"text-align: center;\">Encontrar\u00e1 al Dr. Mommertz en los siguientes horarios fijos en los lugares respectivos:<\/p>\n<ul style=\"text-align: center;\">\n<li>Lunes 09:00-13:00h en Sevilla<\/li>\n<li>Lunes 14:00-18:00h en Sanlucar de Barrameda<\/li>\n<li>Martes 14:00-18:00h en Jerez<\/li>\n<li>Miercoles 09:00-13:00h en Novo Sancti Petri<\/li>\n<li>Viernes 09:00-13:00h en Chiclana<\/li>\n<\/ul>\n<p style=\"text-align: center;\">Adem\u00e1s, siempre puede concertar una cita en uno de los lugares mencionados. Utilice nuestro formulario de <a href=\"https:\/\/mommertz.health\/es\/kontakt\/\">contacto o env\u00edenos<\/a> un correo electr\u00f3nico a <a href=\"mailto:hello@mommertz.health\">hello@mommertz.health<\/a>.<\/p>\n<p style=\"text-align: center;\"><img loading=\"lazy\" decoding=\"async\" class=\"wp-image-5602 alignnone\" src=\"https:\/\/mommertz.health\/wp-content\/uploads\/2022\/12\/Mobile-Logo-300x297.png\" alt=\"\" width=\"108\" height=\"107\" srcset=\"https:\/\/mommertz.health\/wp-content\/uploads\/2022\/12\/Mobile-Logo-300x300.png 300w, https:\/\/mommertz.health\/wp-content\/uploads\/2022\/12\/Mobile-Logo-150x150.png 150w, https:\/\/mommertz.health\/wp-content\/uploads\/2022\/12\/Mobile-Logo-100x100.png 100w, https:\/\/mommertz.health\/wp-content\/uploads\/2022\/12\/Mobile-Logo.png 350w\" sizes=\"auto, (max-width: 108px) 100vw, 108px\" \/><\/p>\n<p style=\"text-align: center;\">Tambi\u00e9n puede ponerse en contacto con nosotros en cualquier momento si tiene alguna pregunta, e intentaremos responderle lo antes posible.<\/p>\n<p style=\"text-align: center;\">C\u00f3mo llegar:<\/p>\n<p style=\"text-align: center;\"><a href=\"https:\/\/www.google.com\/search?q=centro+m%C3%A9dico+san+sebasti%C3%A1n+conil+de+la+frontera&amp;source=lmns&amp;bih=842&amp;biw=1760&amp;client=firefox-b-d&amp;hl=de&amp;sa=X&amp;ved=2ahUKEwim-dHWsZSBAxXTkP0HHXPUCa8Q0pQJKAB6BAgBEAI&amp;bshm=rimc\/1\">Conil de la Frontera &#8211; Centro Medico<\/a><br \/>\n<a href=\"https:\/\/www.google.de\/search?client=safari&amp;sca_esv=561284976&amp;hl=de-de&amp;q=Hospital%20Clinica%20Novo%20Sancti%20Petri%20Chiclana&amp;ludocid=11018583143302980326&amp;ibp=gwp%3B0%2C7&amp;lsig=AB86z5V1t7rpeQI7S3KhtMQG4nBV&amp;kgs=99182f6bb5ffa075&amp;shndl=-1&amp;source=sh%2Fx%2Fkp%2Flocal%2Fm1%2Fcan%2F3&amp;asid=canlbse\">Novo Sancti Petri &#8211; Viamed<\/a><br \/>\n<a href=\"https:\/\/www.google.de\/search?client=safari&amp;sca_esv=561284976&amp;hl=de-de&amp;q=Hospital%20Viamed%20Bay%20of%20Cadiz&amp;ludocid=8056165892603234798&amp;ibp=gwp%3B0%2C7&amp;lsig=AB86z5Vzt4RDnzfGISL0F6VUPlNR&amp;kgs=09f20647bf437c4a&amp;shndl=-1&amp;source=sh%2Fx%2Fkp%2Flocal%2Fm1%2Fcan%2F3&amp;asid=canlbse\">Chiclana &#8211; Viamed<\/a><br \/>\n<a href=\"https:\/\/www.google.de\/search?client=safari&amp;sca_esv=561284976&amp;hl=de-de&amp;q=21st%20Century%20Medical%20Institute&amp;ludocid=153704038137866741&amp;ibp=gwp%3B0%2C7&amp;lsig=AB86z5V3Oo9pCEwS_dVNveYm0V-l&amp;kgs=4ade3ed08acf96ef&amp;shndl=-1&amp;source=sh%2Fx%2Fkp%2Flocal%2Fm1%2Fcan%2F3&amp;asid=canlbse\">21st Century Medical Institute &#8211; Jerez<\/a><br \/>\n<a href=\"https:\/\/www.google.de\/search?client=safari&amp;sca_esv=561284976&amp;hl=de-de&amp;cs=0&amp;output=search&amp;q=Lebrija%20Centro%20M%C3%A9dico&amp;ludocid=3958380339805433145&amp;ibp=gwp%3B0%2C7&amp;lsig=AB86z5XByEDjUduxCQizSOOhhE0j&amp;kgs=c5f2b8db50bd6581&amp;shndl=-1&amp;source=sh%2Fx%2Fkp%2Flocal%2Fm1%2Fcan%2F3&amp;asid=canlbse\">Centro Medico Lebrija &#8211; Sevilla<\/a><br \/>\n<a href=\"https:\/\/www.google.com\/search?q=avanza+clinica+sanlucar&amp;source=lmns&amp;bih=842&amp;biw=1760&amp;client=firefox-b-d&amp;hl=de&amp;sa=X&amp;ved=2ahUKEwiIsbiPiNaCAxWu7rsIHRVyAXIQ0pQJKAB6BAgBEAI\">Avanza Cl\u00ednica &#8211; Sanlucar de Barrameda<\/a><\/p>\n<p>&nbsp;<\/p>\n<p>A continuaci\u00f3n encontrar\u00e1 una breve descripci\u00f3n de las sedes, as\u00ed como de los servicios ofrecidos:[\/vc_column_text][\/vc_column][\/vc_row][vc_row][vc_column][vc_empty_space][vc_hoverbox image=\u00bb6492&#8243; primary_title=\u00bb\u00bb hover_title=\u00bbLebrija Centro Medico\u00bb el_width=\u00bb60&#8243; hover_btn_title=\u00bbCentro Medico Lebrija\u00bb hover_btn_color=\u00bbprimary\u00bb hover_add_button=\u00bbtrue\u00bb hover_btn_link=\u00bburl:https%3A%2F%2Fmommertz.health%2Fes%2F%3Fpage_id%3D6446|title:Lebrija%20Centro%20Medico%20%E2%80%93%20Sevilla|\u00bb]Mommertz Health ahora tambi\u00e9n est\u00e1 a tu disposici\u00f3n en una nueva ubicaci\u00f3n en Sevilla. No dude en visitarnos en el Centro M\u00e9dico Lebrija los lunes por la ma\u00f1ana, o concierte una cita en <a href=\"mailto:hello@mommertz.health\">hello@mommertz.health<\/a>, o a trav\u00e9s de nuestro <a href=\"https:\/\/mommertz.health\/es\/kontakt\/\">formulario de contacto<\/a>.<\/p>\n<p>[\/vc_hoverbox][vc_text_separator title=\u00bb\u00bb border_width=\u00bb2&#8243;][vc_empty_space][vc_hoverbox image=\u00bb6495&#8243; primary_title=\u00bb\u00bb hover_title=\u00bbCentro Medico San Sebastian\u00bb el_width=\u00bb60&#8243; hover_btn_title=\u00bbCentro Medico San Sebastian\u00bb hover_btn_color=\u00bbprimary\u00bb hover_add_button=\u00bbtrue\u00bb hover_btn_link=\u00bburl:https%3A%2F%2Fmommertz.health%2Fes%2Fbehandlungszentrum-conil%2F|title:Centro%20Medico%20San%20Sebastian%20-%20Conil|\u00bb]En el Centro M\u00e9dico de Conil, el Dr. Mommertz estar\u00e1 encantado de ayudarle. No dude en visitarnos con cita previa en el Centro M\u00e9dico San Sebasti\u00e1n de Conil. No dude en concertar una cita en <a href=\"mailto:hello@mommertz.health\">hello@mommertz.health<\/a>, o a trav\u00e9s de nuestro <a href=\"https:\/\/mommertz.health\/es\/kontakt\/\">formulario de contacto<\/a>.<\/p>\n<p>&nbsp;<\/p>\n<p>[\/vc_hoverbox][vc_text_separator title=\u00bb\u00bb border_width=\u00bb2&#8243;][vc_empty_space][vc_hoverbox image=\u00bb6498&#8243; primary_title=\u00bb\u00bb hover_title=\u00bbHospital Viamed\u00bb el_width=\u00bb60&#8243; hover_btn_title=\u00bbHospitales Viamed\u00bb hover_btn_color=\u00bbprimary\u00bb hover_add_button=\u00bbtrue\u00bb hover_btn_link=\u00bburl:https%3A%2F%2Fmommertz.health%2Fes%2F%3Fpage_id%3D6399|title:Centro%20Medico%20San%20Sebastian%20-%20Conil|\u00bb]El Dr. Mommertz estar\u00e1 encantado de atenderle en los hospitales Viamed de Chiclana y Novo Sancti Petri. No dude en visitarnos los mi\u00e9rcoles por la ma\u00f1ana en Novo Sancti Petri o los viernes por la ma\u00f1ana en Chiclana. O no dude en concertar una cita en <a href=\"mailto:hello@mommertz.health\">hello@mommertz.health<\/a>, o a trav\u00e9s de nuestro <a href=\"https:\/\/mommertz.health\/es\/kontakt\/\">formulario de contacto<\/a>.<\/p>\n<p>&nbsp;<\/p>\n<p>[\/vc_hoverbox][vc_text_separator title=\u00bb\u00bb border_width=\u00bb2&#8243;][vc_empty_space][vc_hoverbox image=\u00bb6501&#8243; primary_title=\u00bb\u00bb hover_title=\u00bbInstituto de Salud del Siglo XXI\u00bb el_width=\u00bb60&#8243; hover_btn_title=\u00bbInstituto de Salud del Siglo XXI\u00bb hover_btn_color=\u00bbprimary\u00bb hover_add_button=\u00bbtrue\u00bb hover_btn_link=\u00bburl:https%3A%2F%2Fmommertz.health%2Fes%2F%3Fpage_id%3D6399|title:Centro%20Medico%20San%20Sebastian%20-%20Conil|\u00bb]El Dr. Mommertz estar\u00e1 encantado de atenderle en el Instituto de Salud Siglo XXI de Jerez de la Frontera. No dude en visitarnos en Jerez el martes por la tarde. O no dude en concertar una cita en <a href=\"mailto:hello@mommertz.health\">hello@mommertz.health<\/a>, o a trav\u00e9s de nuestro <a href=\"https:\/\/mommertz.health\/es\/kontakt\/\">formulario de contacto<\/a>.<\/p>\n<p>&nbsp;<\/p>\n<p>&nbsp;<\/p>\n<p>[\/vc_hoverbox][vc_text_separator title=\u00bb\u00bb border_width=\u00bb2&#8243;][vc_empty_space][vc_hoverbox image=\u00bb6572&#8243; primary_title=\u00bb\u00bb hover_title=\u00bbAvanza Cl\u00ednica\u00bb el_width=\u00bb60&#8243; hover_btn_title=\u00bbAvanza Cl\u00ednica\u00bb hover_btn_color=\u00bbprimary\u00bb hover_add_button=\u00bbtrue\u00bb hover_btn_link=\u00bburl:https%3A%2F%2Fmommertz.health%2Fes%2F%3Fpage_id%3D6532|title:Avanza%20Cl%C3%ADnica|\u00bb]El Dr. Mommertz estar\u00e1 encantado de atenderle en la Avanza Cl\u00ednica de Sanl\u00facar de Barrameda. Le invitamos a visitarnos los lunes por la tarde en Sanl\u00facar. O no dude en concertar una cita en <a href=\"mailto:hello@mommertz.health\">hello@mommertz.health<\/a>, o a trav\u00e9s de nuestro <a href=\"https:\/\/mommertz.health\/es\/kontakt\/\">formulario de contacto<\/a>.<\/p>\n<p>&nbsp;<\/p>\n<p>&nbsp;<\/p>\n<p>&nbsp;<\/p>\n<p>&nbsp;<\/p>\n<p>[\/vc_hoverbox][vc_text_separator title=\u00bb\u00bb border_width=\u00bb2&#8243;][\/vc_column][\/vc_row]<\/p>\n<\/div>","protected":false},"excerpt":{"rendered":"<p>[vc_row][vc_column][vc_column_text] Nuestras 5 sedes en Andaluc\u00eda El doctor Mommertz est\u00e1 a su disposici\u00f3n en cinco centros de Andaluc\u00eda desde mediados de 2023. Adem\u00e1s del ya conocido Centro M\u00e9dico San Sebasti\u00e1n en Conil de la Frontera, los centros Viamed en Chiclana y Novo Sancti Petri, el&#8230;<\/p>\n","protected":false},"author":1,"featured_media":0,"parent":0,"menu_order":0,"comment_status":"closed","ping_status":"closed","template":"","meta":{"footnotes":""},"class_list":["post-6521","page","type-page","status-publish","hentry"],"yoast_head":"<!-- This site is optimized with the Yoast SEO plugin v25.6 - https:\/\/yoast.com\/wordpress\/plugins\/seo\/ -->\n<title>Nuestras sedes en Andaluc\u00eda - Mommertz Health<\/title>\n<meta name=\"description\" content=\"Aqu\u00ed encontrar\u00e1 todos los lugares donde Mommertz Health est\u00e1 a su disposici\u00f3n y puede ofrecerle servicios m\u00e9dicos.\" \/>\n<meta name=\"robots\" content=\"index, follow, max-snippet:-1, max-image-preview:large, max-video-preview:-1\" \/>\n<link rel=\"canonical\" href=\"https:\/\/mommertz.health\/es\/nuestras-sedes\/\" \/>\n<meta property=\"og:locale\" content=\"es_ES\" \/>\n<meta property=\"og:type\" content=\"article\" \/>\n<meta property=\"og:title\" content=\"Nuestras sedes en Andaluc\u00eda - Mommertz Health\" \/>\n<meta property=\"og:description\" content=\"Aqu\u00ed encontrar\u00e1 todos los lugares donde Mommertz Health est\u00e1 a su disposici\u00f3n y puede ofrecerle servicios m\u00e9dicos.\" \/>\n<meta property=\"og:url\" content=\"https:\/\/mommertz.health\/es\/nuestras-sedes\/\" \/>\n<meta property=\"og:site_name\" content=\"Mommertz Health - Gesund und sch\u00f6n an der Costa de la Luz\" \/>\n<meta property=\"article:publisher\" content=\"https:\/\/www.facebook.com\/profile.php?id=100088873442215\" \/>\n<meta property=\"article:modified_time\" content=\"2023-11-21T22:07:03+00:00\" \/>\n<meta property=\"og:image\" content=\"https:\/\/mommertz.health\/wp-content\/uploads\/2022\/12\/Mobile-Logo-300x297.png\" \/>\n<meta name=\"twitter:card\" content=\"summary_large_image\" \/>\n<meta name=\"twitter:label1\" content=\"Tiempo de lectura\" \/>\n\t<meta name=\"twitter:data1\" content=\"4 minutos\" \/>\n<script type=\"application\/ld+json\" class=\"yoast-schema-graph\">{\"@context\":\"https:\/\/schema.org\",\"@graph\":[{\"@type\":\"WebPage\",\"@id\":\"https:\/\/mommertz.health\/es\/nuestras-sedes\/\",\"url\":\"https:\/\/mommertz.health\/es\/nuestras-sedes\/\",\"name\":\"Nuestras sedes en Andaluc\u00eda - Mommertz Health\",\"isPartOf\":{\"@id\":\"https:\/\/mommertz.health\/es\/#website\"},\"primaryImageOfPage\":{\"@id\":\"https:\/\/mommertz.health\/es\/nuestras-sedes\/#primaryimage\"},\"image\":{\"@id\":\"https:\/\/mommertz.health\/es\/nuestras-sedes\/#primaryimage\"},\"thumbnailUrl\":\"https:\/\/mommertz.health\/wp-content\/uploads\/2022\/12\/Mobile-Logo-300x297.png\",\"datePublished\":\"2023-09-05T09:46:29+00:00\",\"dateModified\":\"2023-11-21T22:07:03+00:00\",\"description\":\"Aqu\u00ed encontrar\u00e1 todos los lugares donde Mommertz Health est\u00e1 a su disposici\u00f3n y puede ofrecerle servicios m\u00e9dicos.\",\"breadcrumb\":{\"@id\":\"https:\/\/mommertz.health\/es\/nuestras-sedes\/#breadcrumb\"},\"inLanguage\":\"es\",\"potentialAction\":[{\"@type\":\"ReadAction\",\"target\":[\"https:\/\/mommertz.health\/es\/nuestras-sedes\/\"]}]},{\"@type\":\"ImageObject\",\"inLanguage\":\"es\",\"@id\":\"https:\/\/mommertz.health\/es\/nuestras-sedes\/#primaryimage\",\"url\":\"https:\/\/mommertz.health\/wp-content\/uploads\/2022\/12\/Mobile-Logo-300x297.png\",\"contentUrl\":\"https:\/\/mommertz.health\/wp-content\/uploads\/2022\/12\/Mobile-Logo-300x297.png\"},{\"@type\":\"BreadcrumbList\",\"@id\":\"https:\/\/mommertz.health\/es\/nuestras-sedes\/#breadcrumb\",\"itemListElement\":[{\"@type\":\"ListItem\",\"position\":1,\"name\":\"Startseite\",\"item\":\"https:\/\/mommertz.health\/es\/home\/\"},{\"@type\":\"ListItem\",\"position\":2,\"name\":\"Nuestras sedes\"}]},{\"@type\":\"WebSite\",\"@id\":\"https:\/\/mommertz.health\/es\/#website\",\"url\":\"https:\/\/mommertz.health\/es\/\",\"name\":\"Mommertz Health - Gesund und sch\u00f6n an der Costa de la Luz\",\"description\":\"Wir bieten Ihnen die passenden Kosmetik- und Gesundheitsbehandlungen f\u00fcr Ihren perfekten Urlaub an der Costa de la Luz\",\"publisher\":{\"@id\":\"https:\/\/mommertz.health\/es\/#organization\"},\"potentialAction\":[{\"@type\":\"SearchAction\",\"target\":{\"@type\":\"EntryPoint\",\"urlTemplate\":\"https:\/\/mommertz.health\/es\/?s={search_term_string}\"},\"query-input\":{\"@type\":\"PropertyValueSpecification\",\"valueRequired\":true,\"valueName\":\"search_term_string\"}}],\"inLanguage\":\"es\"},{\"@type\":\"Organization\",\"@id\":\"https:\/\/mommertz.health\/es\/#organization\",\"name\":\"Dr. Mommertz - Mommertz Health\",\"url\":\"https:\/\/mommertz.health\/es\/\",\"logo\":{\"@type\":\"ImageObject\",\"inLanguage\":\"es\",\"@id\":\"https:\/\/mommertz.health\/es\/#\/schema\/logo\/image\/\",\"url\":\"https:\/\/mommertz.health\/wp-content\/uploads\/2022\/12\/Small.png\",\"contentUrl\":\"https:\/\/mommertz.health\/wp-content\/uploads\/2022\/12\/Small.png\",\"width\":512,\"height\":506,\"caption\":\"Dr. Mommertz - Mommertz Health\"},\"image\":{\"@id\":\"https:\/\/mommertz.health\/es\/#\/schema\/logo\/image\/\"},\"sameAs\":[\"https:\/\/www.facebook.com\/profile.php?id=100088873442215\",\"https:\/\/www.instagram.com\/dr_g_mommertz_beleza_y_salud\/\"]}]}<\/script>\n<!-- \/ Yoast SEO plugin. -->","yoast_head_json":{"title":"Nuestras sedes en Andaluc\u00eda - Mommertz Health","description":"Aqu\u00ed encontrar\u00e1 todos los lugares donde Mommertz Health est\u00e1 a su disposici\u00f3n y puede ofrecerle servicios m\u00e9dicos.","robots":{"index":"index","follow":"follow","max-snippet":"max-snippet:-1","max-image-preview":"max-image-preview:large","max-video-preview":"max-video-preview:-1"},"canonical":"https:\/\/mommertz.health\/es\/nuestras-sedes\/","og_locale":"es_ES","og_type":"article","og_title":"Nuestras sedes en Andaluc\u00eda - Mommertz Health","og_description":"Aqu\u00ed encontrar\u00e1 todos los lugares donde Mommertz Health est\u00e1 a su disposici\u00f3n y puede ofrecerle servicios m\u00e9dicos.","og_url":"https:\/\/mommertz.health\/es\/nuestras-sedes\/","og_site_name":"Mommertz Health - Gesund und sch\u00f6n an der Costa de la Luz","article_publisher":"https:\/\/www.facebook.com\/profile.php?id=100088873442215","article_modified_time":"2023-11-21T22:07:03+00:00","og_image":[{"url":"https:\/\/mommertz.health\/wp-content\/uploads\/2022\/12\/Mobile-Logo-300x297.png","type":"","width":"","height":""}],"twitter_card":"summary_large_image","twitter_misc":{"Tiempo de lectura":"4 minutos"},"schema":{"@context":"https:\/\/schema.org","@graph":[{"@type":"WebPage","@id":"https:\/\/mommertz.health\/es\/nuestras-sedes\/","url":"https:\/\/mommertz.health\/es\/nuestras-sedes\/","name":"Nuestras sedes en Andaluc\u00eda - Mommertz Health","isPartOf":{"@id":"https:\/\/mommertz.health\/es\/#website"},"primaryImageOfPage":{"@id":"https:\/\/mommertz.health\/es\/nuestras-sedes\/#primaryimage"},"image":{"@id":"https:\/\/mommertz.health\/es\/nuestras-sedes\/#primaryimage"},"thumbnailUrl":"https:\/\/mommertz.health\/wp-content\/uploads\/2022\/12\/Mobile-Logo-300x297.png","datePublished":"2023-09-05T09:46:29+00:00","dateModified":"2023-11-21T22:07:03+00:00","description":"Aqu\u00ed encontrar\u00e1 todos los lugares donde Mommertz Health est\u00e1 a su disposici\u00f3n y puede ofrecerle servicios m\u00e9dicos.","breadcrumb":{"@id":"https:\/\/mommertz.health\/es\/nuestras-sedes\/#breadcrumb"},"inLanguage":"es","potentialAction":[{"@type":"ReadAction","target":["https:\/\/mommertz.health\/es\/nuestras-sedes\/"]}]},{"@type":"ImageObject","inLanguage":"es","@id":"https:\/\/mommertz.health\/es\/nuestras-sedes\/#primaryimage","url":"https:\/\/mommertz.health\/wp-content\/uploads\/2022\/12\/Mobile-Logo-300x297.png","contentUrl":"https:\/\/mommertz.health\/wp-content\/uploads\/2022\/12\/Mobile-Logo-300x297.png"},{"@type":"BreadcrumbList","@id":"https:\/\/mommertz.health\/es\/nuestras-sedes\/#breadcrumb","itemListElement":[{"@type":"ListItem","position":1,"name":"Startseite","item":"https:\/\/mommertz.health\/es\/home\/"},{"@type":"ListItem","position":2,"name":"Nuestras sedes"}]},{"@type":"WebSite","@id":"https:\/\/mommertz.health\/es\/#website","url":"https:\/\/mommertz.health\/es\/","name":"Mommertz Health - Gesund und sch\u00f6n an der Costa de la Luz","description":"Wir bieten Ihnen die passenden Kosmetik- und Gesundheitsbehandlungen f\u00fcr Ihren perfekten Urlaub an der Costa de la Luz","publisher":{"@id":"https:\/\/mommertz.health\/es\/#organization"},"potentialAction":[{"@type":"SearchAction","target":{"@type":"EntryPoint","urlTemplate":"https:\/\/mommertz.health\/es\/?s={search_term_string}"},"query-input":{"@type":"PropertyValueSpecification","valueRequired":true,"valueName":"search_term_string"}}],"inLanguage":"es"},{"@type":"Organization","@id":"https:\/\/mommertz.health\/es\/#organization","name":"Dr. Mommertz - Mommertz Health","url":"https:\/\/mommertz.health\/es\/","logo":{"@type":"ImageObject","inLanguage":"es","@id":"https:\/\/mommertz.health\/es\/#\/schema\/logo\/image\/","url":"https:\/\/mommertz.health\/wp-content\/uploads\/2022\/12\/Small.png","contentUrl":"https:\/\/mommertz.health\/wp-content\/uploads\/2022\/12\/Small.png","width":512,"height":506,"caption":"Dr. Mommertz - Mommertz Health"},"image":{"@id":"https:\/\/mommertz.health\/es\/#\/schema\/logo\/image\/"},"sameAs":["https:\/\/www.facebook.com\/profile.php?id=100088873442215","https:\/\/www.instagram.com\/dr_g_mommertz_beleza_y_salud\/"]}]}},"jetpack_sharing_enabled":true,"_links":{"self":[{"href":"https:\/\/mommertz.health\/es\/wp-json\/wp\/v2\/pages\/6521","targetHints":{"allow":["GET"]}}],"collection":[{"href":"https:\/\/mommertz.health\/es\/wp-json\/wp\/v2\/pages"}],"about":[{"href":"https:\/\/mommertz.health\/es\/wp-json\/wp\/v2\/types\/page"}],"author":[{"embeddable":true,"href":"https:\/\/mommertz.health\/es\/wp-json\/wp\/v2\/users\/1"}],"replies":[{"embeddable":true,"href":"https:\/\/mommertz.health\/es\/wp-json\/wp\/v2\/comments?post=6521"}],"version-history":[{"count":6,"href":"https:\/\/mommertz.health\/es\/wp-json\/wp\/v2\/pages\/6521\/revisions"}],"predecessor-version":[{"id":6577,"href":"https:\/\/mommertz.health\/es\/wp-json\/wp\/v2\/pages\/6521\/revisions\/6577"}],"wp:attachment":[{"href":"https:\/\/mommertz.health\/es\/wp-json\/wp\/v2\/media?parent=6521"}],"curies":[{"name":"wp","href":"https:\/\/api.w.org\/{rel}","templated":true}]}}